{"id":66,"date":"2022-07-07T16:39:07","date_gmt":"2022-07-07T14:39:07","guid":{"rendered":"http:\/\/www.hseg.fr\/?page_id=66"},"modified":"2025-03-12T18:21:39","modified_gmt":"2025-03-12T17:21:39","slug":"climatisation-reversible-en-savoie","status":"publish","type":"page","link":"https:\/\/www.hseg.fr\/index.php\/climatisation-reversible-en-savoie\/","title":{"rendered":"Installation et entretien de climatisation en Maurienne et Haute Maurienne"},"content":{"rendered":"\n<h3 class=\"wp-block-heading alignwide has-text-align-center\"><strong>Installation et entretien de climatisation <\/strong><\/h3>\n\n\n\n<p><\/p>\n\n\n\n<figure class=\"wp-block-image alignwide size-large\"><img loading=\"lazy\" decoding=\"async\" width=\"1024\" height=\"512\" src=\"https:\/\/www.hseg.fr\/wp-content\/uploads\/2022\/07\/Clim-Banniere-1-1024x512.jpg\" alt=\"\" class=\"wp-image-174\" srcset=\"https:\/\/www.hseg.fr\/wp-content\/uploads\/2022\/07\/Clim-Banniere-1-1024x512.jpg 1024w, https:\/\/www.hseg.fr\/wp-content\/uploads\/2022\/07\/Clim-Banniere-1-300x150.jpg 300w, https:\/\/www.hseg.fr\/wp-content\/uploads\/2022\/07\/Clim-Banniere-1-768x384.jpg 768w, https:\/\/www.hseg.fr\/wp-content\/uploads\/2022\/07\/Clim-Banniere-1-1536x768.jpg 1536w, https:\/\/www.hseg.fr\/wp-content\/uploads\/2022\/07\/Clim-Banniere-1-2048x1024.jpg 2048w\" sizes=\"auto, (max-width: 1024px) 100vw, 1024px\" \/><\/figure>\n\n\n\n<div class=\"wp-block-columns alignfull are-vertically-aligned-center ext-my-0 ext-py-lg is-layout-flex wp-container-core-columns-is-layout-4a5fc566 wp-block-columns-is-layout-flex\" style=\"border-style:none;border-width:0px;border-radius:0px;padding-top:3rem;padding-right:3rem;padding-bottom:3rem;padding-left:3rem\">\n<div class=\"wp-block-column is-vertically-aligned-center is-layout-flow wp-container-core-column-is-layout-47e5a185 wp-block-column-is-layout-flow\" style=\"flex-basis:58.3%\">\n<div class=\"wp-block-group is-layout-flow wp-block-group-is-layout-flow\">\n<h1 class=\"wp-block-heading has-small-font-size\" style=\"margin-top:0px;margin-right:0px;margin-bottom:0px;margin-left:0px\">Installation et entretien de climatisation en Maurienne et Haute Maurienne<\/h1>\n\n\n\n<h2 class=\"wp-block-heading has-text-align-left has-huge-font-size\" style=\"margin-bottom:1rem\">Pourquoi choisir notre expertise en climatisation ?<\/h2>\n\n\n\n<p>Vous recherchez un sp\u00e9cialiste en <strong>installation et entretien de climatisation en Maurienne et Haute Maurienne<\/strong> ? Nous vous accompagnons dans votre projet avec des solutions sur mesure adapt\u00e9es \u00e0 votre logement ou local professionnel.<\/p>\n\n\n\n<p>Nos services incluent  : <\/p>\n\n\n\n<p><strong>Devis gratuit et personnalis\u00e9<\/strong> : \u00c9tude compl\u00e8te de vos locaux (superficie, disposition, isolation) pour d\u00e9terminer la climatisation la plus adapt\u00e9e \u00e0 vos besoins.<\/p>\n\n\n\n<p><strong>Installation professionnelle<\/strong> : Pose et mise en service r\u00e9alis\u00e9es par des <strong>installateurs exp\u00e9riment\u00e9s et qualifi\u00e9s<\/strong>, utilisant des composants  pour une performance optimale.<\/p>\n\n\n\n<p><strong>Entretien et maintenance<\/strong> : Nous assurons le suivi et l\u2019entretien de votre syst\u00e8me pour garantir une <strong>long\u00e9vit\u00e9 maximale<\/strong> et une consommation \u00e9nerg\u00e9tique ma\u00eetris\u00e9e.<\/p>\n\n\n\n<div class=\"wp-block-columns is-layout-flex wp-container-core-columns-is-layout-326ffb70 wp-block-columns-is-layout-flex\" style=\"margin-top:3rem\">\n<div class=\"wp-block-column is-layout-flow wp-block-column-is-layout-flow\" style=\"flex-basis:20%\">\n<h3 class=\"wp-block-heading has-medium-font-size\">Devis<\/h3>\n<\/div>\n\n\n\n<div class=\"wp-block-column is-layout-flow wp-block-column-is-layout-flow\" style=\"flex-basis:80%\">\n<p>Un devis Gratuit et personnalis\u00e9 \u00e0 vos besoins<\/p>\n<\/div>\n<\/div>\n\n\n\n<div class=\"wp-block-columns is-layout-flex wp-container-core-columns-is-layout-5260df2c wp-block-columns-is-layout-flex\" style=\"margin-top:2rem\">\n<div class=\"wp-block-column is-layout-flow wp-block-column-is-layout-flow\" style=\"flex-basis:20%\">\n<h3 class=\"wp-block-heading has-medium-font-size\">Pose<\/h3>\n<\/div>\n\n\n\n<div class=\"wp-block-column is-layout-flow wp-block-column-is-layout-flow\" style=\"flex-basis:80%\">\n<p>Nous nous adaptons \u00e0 vos demandes et essayons d\u2019installer les climatisations, de fa\u00e7ons \u00e0 ne faire qu&rsquo;un, avec votre environnement.<\/p>\n<\/div>\n<\/div>\n\n\n\n<div class=\"wp-block-columns is-layout-flex wp-container-core-columns-is-layout-5260df2c wp-block-columns-is-layout-flex\" style=\"margin-top:2rem\">\n<div class=\"wp-block-column is-layout-flow wp-block-column-is-layout-flow\" style=\"flex-basis:20%\">\n<h3 class=\"wp-block-heading has-medium-font-size\">Mise en marche<\/h3>\n\n\n\n<h3 class=\"wp-block-heading has-medium-font-size\">Entretien<\/h3>\n<\/div>\n\n\n\n<div class=\"wp-block-column is-layout-flow wp-block-column-is-layout-flow\" style=\"flex-basis:80%\">\n<p>Un essai est effectu\u00e9, \u00e0 la fin de l&rsquo;installation et nous vous accompagnons, pour vous expliquer le fonctionnement, de votre appareil.<\/p>\n\n\n\n<p>Nous proposons l\u2019entretien de votre climatisation pour prolonger sa dur\u00e9e de vie et optimiser sa consommation \u00e9nerg\u00e9tique.<\/p>\n<\/div>\n<\/div>\n<\/div>\n<\/div>\n\n\n\n<div class=\"wp-block-column is-vertically-aligned-center ext-flex ext-items-end is-layout-flow wp-container-core-column-is-layout-47e5a185 wp-block-column-is-layout-flow\" style=\"flex-basis:58.3%\">\n<figure class=\"is-style-default wp-block-image size-large is-resized has-custom-border bring-to-front ext--mr-lg ext-mb-lg\"><img loading=\"lazy\" decoding=\"async\" width=\"1024\" height=\"769\" src=\"https:\/\/www.hseg.fr\/wp-content\/uploads\/2022\/08\/DSCF1040-1-1024x769.jpg\" alt=\"photo d'une unit\u00e9 ext\u00e9rieure de climatiseur de phase. La climatisation est de la marque thermor (marque fran\u00e7aise). L'unit\u00e9 ext\u00e9rieure et sur\u00e9lever par des blocs en b\u00e9ton puis sur les calle noire, \u00e7a ressemble \u00e0 de la mousse. Dessous il y a de l'herbe et derri\u00e8re un mur cr\u00e9pi de couleur cr\u00e8me.\" class=\"wp-image-270\" style=\"border-radius:8px;width:512px;height:385px\" srcset=\"https:\/\/www.hseg.fr\/wp-content\/uploads\/2022\/08\/DSCF1040-1-1024x769.jpg 1024w, https:\/\/www.hseg.fr\/wp-content\/uploads\/2022\/08\/DSCF1040-1-300x225.jpg 300w, https:\/\/www.hseg.fr\/wp-content\/uploads\/2022\/08\/DSCF1040-1-768x577.jpg 768w, https:\/\/www.hseg.fr\/wp-content\/uploads\/2022\/08\/DSCF1040-1-1536x1153.jpg 1536w, https:\/\/www.hseg.fr\/wp-content\/uploads\/2022\/08\/DSCF1040-1-2048x1538.jpg 2048w\" sizes=\"auto, (max-width: 1024px) 100vw, 1024px\" \/><\/figure>\n\n\n\n<figure class=\"wp-block-image aligncenter size-large is-resized has-custom-border is-style-default\"><img loading=\"lazy\" decoding=\"async\" width=\"724\" height=\"1024\" src=\"https:\/\/www.hseg.fr\/wp-content\/uploads\/2022\/08\/Sans-titre-27-724x1024.jpg\" alt=\"Photo d'une unit\u00e9 ext\u00e9rieure climatiseur prise de profil. nous pouvons y voir les diff\u00e9rents branchements et tuyaux alimentation. c'est l'unit\u00e9 ext\u00e9rieure d'une climatisation pour maison.\" class=\"wp-image-272\" style=\"border-radius:8px;width:543px;height:768px\" srcset=\"https:\/\/www.hseg.fr\/wp-content\/uploads\/2022\/08\/Sans-titre-27-724x1024.jpg 724w, https:\/\/www.hseg.fr\/wp-content\/uploads\/2022\/08\/Sans-titre-27-212x300.jpg 212w, https:\/\/www.hseg.fr\/wp-content\/uploads\/2022\/08\/Sans-titre-27-768x1086.jpg 768w, https:\/\/www.hseg.fr\/wp-content\/uploads\/2022\/08\/Sans-titre-27-1086x1536.jpg 1086w, https:\/\/www.hseg.fr\/wp-content\/uploads\/2022\/08\/Sans-titre-27.jpg 1414w\" sizes=\"auto, (max-width: 724px) 100vw, 724px\" \/><\/figure>\n<\/div>\n<\/div>\n\n\n\n<div class=\"wp-block-group alignfull has-luminous-dusk-gradient-background has-background ext-my-0 ext-py-lg is-layout-constrained wp-container-core-group-is-layout-360331c9 wp-block-group-is-layout-constrained\">\n<div class=\"wp-block-columns alignwide are-vertically-aligned-top is-layout-flex wp-container-core-columns-is-layout-28f84493 wp-block-columns-is-layout-flex\">\n<div class=\"wp-block-column is-vertically-aligned-top is-layout-flow wp-container-core-column-is-layout-e7b75c9e wp-block-column-is-layout-flow\" style=\"flex-basis:58.3%\">\n<h1 class=\"wp-block-heading has-small-font-size\" style=\"margin-top:0px;margin-right:0px;margin-bottom:0px;margin-left:0px\">Climatisation r\u00e9versible en Maurienne et Haute Maurienne :<\/h1>\n\n\n\n<h2 class=\"wp-block-heading has-text-align-left has-large-font-size\" style=\"margin-top:0px;margin-bottom:1rem\">Pour du confort toute l\u2019ann\u00e9e<\/h2>\n\n\n\n<div class=\"wp-block-group ext-flex is-layout-flow wp-block-group-is-layout-flow\">\n<figure class=\"wp-block-image size-large has-custom-border\"><img loading=\"lazy\" decoding=\"async\" width=\"724\" height=\"1024\" src=\"https:\/\/www.hseg.fr\/wp-content\/uploads\/2022\/08\/Sans-titre-32-724x1024.jpg\" alt=\"Une main tenant une t\u00e9l\u00e9commande, elle est certainement entrain de r\u00e9gler la temp\u00e9rature de la climatisation que l'on voit en arri\u00e8re-plan. En arri\u00e8re-plan, c'est l'unit\u00e9 int\u00e9rieure d'une climatisation de maison ou peut-\u00eatre de bureau.\" class=\"wp-image-295\" style=\"border-radius:8px\" srcset=\"https:\/\/www.hseg.fr\/wp-content\/uploads\/2022\/08\/Sans-titre-32-724x1024.jpg 724w, https:\/\/www.hseg.fr\/wp-content\/uploads\/2022\/08\/Sans-titre-32-212x300.jpg 212w, https:\/\/www.hseg.fr\/wp-content\/uploads\/2022\/08\/Sans-titre-32-768x1086.jpg 768w, https:\/\/www.hseg.fr\/wp-content\/uploads\/2022\/08\/Sans-titre-32-1086x1536.jpg 1086w, https:\/\/www.hseg.fr\/wp-content\/uploads\/2022\/08\/Sans-titre-32.jpg 1414w\" sizes=\"auto, (max-width: 724px) 100vw, 724px\" \/><\/figure>\n\n\n\n<figure class=\"wp-block-image size-large has-custom-border ext-mt-lg ext--ml-lg\"><img loading=\"lazy\" decoding=\"async\" width=\"724\" height=\"1024\" src=\"https:\/\/www.hseg.fr\/wp-content\/uploads\/2022\/08\/Sans-titre-100-724x1024.jpg\" alt=\"en premier plan de cette photo, nous voyons un jeune couple tout sourire, assis sur un canap\u00e9 gris. monsieur a un bras autour des \u00e9paules de madame. son autre bras est pli\u00e9 et tiens dans sa main une t\u00e9l\u00e9commande. en arri\u00e8re-plan il y a un mur blanc avec un tableau sur la droite et une unit\u00e9 de climatisation blanche sur la gauche. tout nous laisse penser que le jeune couple est heureux, confortablement installer et que monsieur regle la temp\u00e9rature de la climatisation pour avoir encore plus de confort\" class=\"wp-image-294\" style=\"border-radius:8px\" srcset=\"https:\/\/www.hseg.fr\/wp-content\/uploads\/2022\/08\/Sans-titre-100-724x1024.jpg 724w, https:\/\/www.hseg.fr\/wp-content\/uploads\/2022\/08\/Sans-titre-100-212x300.jpg 212w, https:\/\/www.hseg.fr\/wp-content\/uploads\/2022\/08\/Sans-titre-100-768x1086.jpg 768w, https:\/\/www.hseg.fr\/wp-content\/uploads\/2022\/08\/Sans-titre-100-1086x1536.jpg 1086w, https:\/\/www.hseg.fr\/wp-content\/uploads\/2022\/08\/Sans-titre-100.jpg 1414w\" sizes=\"auto, (max-width: 724px) 100vw, 724px\" \/><\/figure>\n<\/div>\n<\/div>\n\n\n\n<div class=\"wp-block-column is-vertically-aligned-top is-layout-flow wp-block-column-is-layout-flow\" style=\"padding-top:2rem;flex-basis:58.3%\">\n<p><\/p>\n\n\n\n<p>Vous recherchez une <strong>climatisation r\u00e9versible en Maurienne ou Haute Maurienne<\/strong> pour un confort optimal en toutes saisons ? Nos solutions vous permettent de <strong>chauffer votre int\u00e9rieur en hiver et de le rafra\u00eechir en \u00e9t\u00e9<\/strong>, tout en ma\u00eetrisant votre consommation \u00e9nerg\u00e9tique.<\/p>\n\n\n\n<p>Nos syst\u00e8mes, compos\u00e9s d\u2019<strong>unit\u00e9s int\u00e9rieures et ext\u00e9rieures<\/strong>, d\u2019un compresseur et d\u2019un <strong>fluide frigorig\u00e8ne<\/strong>, assurent un <strong>transfert thermique efficace<\/strong> selon la temp\u00e9rature ext\u00e9rieure. Le passage du mode chauffage au mode refroidissement s\u2019effectue <strong>automatiquement<\/strong>, vous offrant un confort sans effort.<\/p>\n\n\n\n<p>En tant que <strong>sp\u00e9cialistes de la pose de climatisation en Savoie<\/strong>, nous proposons des \u00e9quipements performants, adapt\u00e9s \u00e0 votre logement ou local professionnel. Faites appel \u00e0 notre <strong>installateur de climatisation \u00e0 La Chambre<\/strong> et b\u00e9n\u00e9ficiez d\u2019une installation sur mesure, fiable et durable.<\/p>\n\n\n\n<p>Appeler \u00e9galement <strong>pompes \u00e0 chaleur air-air<\/strong>, C&rsquo;est l&rsquo;id\u00e9ales pour un chauffage \u00e9conomique et \u00e9cologique.<\/p>\n\n\n\n<div class=\"wp-block-group has-tertiary-background-color has-background ext-h-full is-layout-flow wp-container-core-group-is-layout-bd293aa3 wp-block-group-is-layout-flow\" style=\"border-width:2px;border-radius:8px;padding-top:2rem;padding-right:2rem;padding-bottom:2rem;padding-left:2rem\">\n<p>En hiver, c&rsquo;est un <strong>v\u00e9ritable syst\u00e8me de chauffage<\/strong>. <\/p>\n\n\n\n<p>Et l&rsquo;\u00e9t\u00e9, c&rsquo;est un <strong>v\u00e9ritable syst\u00e8me de rafraichissement<\/strong>. <\/p>\n\n\n\n<p>La climatisation au service du confort, avec la possibilit\u00e9 d&rsquo;un r\u00e9glage de la temp\u00e9rature pr\u00e9cis (au dixi\u00e8me de degr\u00e9s pr\u00e8s).<\/p>\n\n\n\n<div class=\"wp-block-group is-nowrap is-layout-flex wp-container-core-group-is-layout-cf32a4c2 wp-block-group-is-layout-flex\">\n<figure class=\"wp-block-image size-thumbnail is-resized is-style-rounded\"><img loading=\"lazy\" decoding=\"async\" width=\"150\" height=\"150\" src=\"https:\/\/www.hseg.fr\/wp-content\/uploads\/2022\/08\/IMG_20210715_130126-150x150.jpg\" alt=\"salomon herve, artisan electricien en maurienne et haute maurienne, debout devant une haie, avec des lunettes de soleil et un t-shirt bleu\" class=\"wp-image-374\" style=\"width:113px;height:113px\"\/><\/figure>\n\n\n\n<div class=\"wp-block-group is-layout-flow wp-container-core-group-is-layout-a4d9b9e8 wp-block-group-is-layout-flow\">\n<h3 class=\"wp-block-heading has-medium-font-size\">Salomon Herve<\/h3>\n\n\n\n<h6 class=\"wp-block-heading has-small-font-size\">Artisan electricien <\/h6>\n<\/div>\n<\/div>\n<\/div>\n<\/div>\n<\/div>\n<\/div>\n\n\n\n<div class=\"wp-block-group alignfull ext-my-0 ext-py-lg is-layout-constrained wp-container-core-group-is-layout-360331c9 wp-block-group-is-layout-constrained\">\n<div class=\"wp-block-columns alignwide are-vertically-aligned-center is-layout-flex wp-container-core-columns-is-layout-28f84493 wp-block-columns-is-layout-flex\">\n<div class=\"wp-block-column is-vertically-aligned-center is-layout-flow wp-container-core-column-is-layout-47e5a185 wp-block-column-is-layout-flow\" style=\"flex-basis:58.3%\">\n<h6 class=\"wp-block-heading has-small-font-size\" style=\"margin-top:0px;margin-right:0px;margin-bottom:0px;margin-left:0px\">les avantages<\/h6>\n\n\n\n<h2 class=\"wp-block-heading has-text-align-left has-huge-font-size\" style=\"margin-bottom:1rem\">L&rsquo; essayer c&rsquo;est l&rsquo;adopter<\/h2>\n\n\n\n<p>Du confort dans votre logement, en vous permettant de r\u00e9guler une temp\u00e9rature efficacement, toute l\u2019ann\u00e9e.<\/p>\n\n\n\n<p>Des \u00e9conomies d\u2019\u00e9nergie : C\u2019est faire le choix du confort thermique, tout en limitant les d\u00e9penses \u00e9nerg\u00e9tiques, et gr\u00e2ce \u00e0 la possibilit\u00e9 de r\u00e9glage, de la temp\u00e9rature souhait\u00e9e, au dixi\u00e8me de degr\u00e9s pr\u00e8s. L\u2019estimation du gain d\u2019\u00e9nergie est entre 30 \u00e0 50% l\u2019hiver !<\/p>\n\n\n\n<p>Un appareil \u00ab 2 en 1 \u00bb qui permet d\u2019avoir un \u00e9quipement unique pour refroidir l\u2019air en \u00e9t\u00e9 et se chauffer en hiver, pour un gain de place assur\u00e9.<\/p>\n<\/div>\n\n\n\n<div class=\"wp-block-column is-vertically-aligned-center ext-flex is-layout-flow wp-container-core-column-is-layout-47e5a185 wp-block-column-is-layout-flow\" style=\"flex-basis:58.3%\">\n<figure class=\"wp-block-image size-large has-custom-border ext--mr-lg ext-mt-lg bring-to-front\"><img loading=\"lazy\" decoding=\"async\" width=\"1024\" height=\"724\" src=\"https:\/\/www.hseg.fr\/wp-content\/uploads\/2022\/08\/Beige-and-White-Creative-Minimalist-Modern-Certificate-A4-Print-Landscape-Flyer-6-1024x724.jpg\" alt=\"une unit\u00e9 climatisation int\u00e9rieure blanche sur un mur de couleur jaune canarie\" class=\"wp-image-273\" style=\"border-radius:8px\" title=\"unit\u00e9 climatisation int\u00e9rieure\" srcset=\"https:\/\/www.hseg.fr\/wp-content\/uploads\/2022\/08\/Beige-and-White-Creative-Minimalist-Modern-Certificate-A4-Print-Landscape-Flyer-6-1024x724.jpg 1024w, https:\/\/www.hseg.fr\/wp-content\/uploads\/2022\/08\/Beige-and-White-Creative-Minimalist-Modern-Certificate-A4-Print-Landscape-Flyer-6-300x212.jpg 300w, https:\/\/www.hseg.fr\/wp-content\/uploads\/2022\/08\/Beige-and-White-Creative-Minimalist-Modern-Certificate-A4-Print-Landscape-Flyer-6-768x543.jpg 768w, https:\/\/www.hseg.fr\/wp-content\/uploads\/2022\/08\/Beige-and-White-Creative-Minimalist-Modern-Certificate-A4-Print-Landscape-Flyer-6-1536x1086.jpg 1536w, https:\/\/www.hseg.fr\/wp-content\/uploads\/2022\/08\/Beige-and-White-Creative-Minimalist-Modern-Certificate-A4-Print-Landscape-Flyer-6.jpg 2000w\" sizes=\"auto, (max-width: 1024px) 100vw, 1024px\" \/><\/figure>\n\n\n\n<figure class=\"wp-block-image size-large has-custom-border\"><img loading=\"lazy\" decoding=\"async\" width=\"1024\" height=\"769\" src=\"https:\/\/www.hseg.fr\/wp-content\/uploads\/2022\/08\/DSCF1056-1024x769.jpg\" alt=\"une unit\u00e9 climatisation ext\u00e9rieure fixer \u00e0 un mur de couleur gris. on peut y voir une descente de chenaux qui passe le c\u00f4t\u00e9 droit de l'uniter climatisation puis dessous l'unit\u00e9. Sur la gauche de l'unit\u00e9 climatisation, toujours sur le mur il y a un pied de vigne.\" class=\"wp-image-306\" style=\"border-radius:8px\" title=\"unit\u00e9 climatisation ext\u00e9rieure\" srcset=\"https:\/\/www.hseg.fr\/wp-content\/uploads\/2022\/08\/DSCF1056-1024x769.jpg 1024w, https:\/\/www.hseg.fr\/wp-content\/uploads\/2022\/08\/DSCF1056-300x225.jpg 300w, https:\/\/www.hseg.fr\/wp-content\/uploads\/2022\/08\/DSCF1056-768x577.jpg 768w, https:\/\/www.hseg.fr\/wp-content\/uploads\/2022\/08\/DSCF1056-1536x1153.jpg 1536w, https:\/\/www.hseg.fr\/wp-content\/uploads\/2022\/08\/DSCF1056-2048x1538.jpg 2048w\" sizes=\"auto, (max-width: 1024px) 100vw, 1024px\" \/><\/figure>\n<\/div>\n<\/div>\n<\/div>\n","protected":false},"excerpt":{"rendered":"<p>Installation et entretien de climatisation Installation et entretien de climatisation en Maurienne et Haute Maurienne Pourquoi choisir notre expertise en climatisation ? Vous recherchez un sp\u00e9cialiste en installation et entretien de climatisation en Maurienne et Haute Maurienne ? Nous vous accompagnons dans votre projet avec des solutions sur mesure adapt\u00e9es \u00e0 votre logement ou local [&hellip;]<\/p>\n","protected":false},"author":1,"featured_media":0,"parent":0,"menu_order":0,"comment_status":"closed","ping_status":"closed","template":"","meta":{"footnotes":""},"class_list":["post-66","page","type-page","status-publish","hentry"],"yoast_head":"<!-- This site is optimized with the Yoast SEO plugin v20.0 - https:\/\/yoast.com\/wordpress\/plugins\/seo\/ -->\n<title>Installation et entretien de climatisation en Maurienne et Haute Maurienne<\/title>\n<meta name=\"description\" content=\"La climatisation r\u00e9versible est faite pour assurer le r\u00e9chauffement de votre int\u00e9rieur l\u2019hiver et son rafra\u00eechissement l\u2019\u00e9t\u00e9 !\" \/>\n<meta name=\"robots\" content=\"index, follow, max-snippet:-1, max-image-preview:large, max-video-preview:-1\" \/>\n<link rel=\"canonical\" href=\"https:\/\/www.hseg.fr\/index.php\/climatisation-reversible-en-savoie\/\" \/>\n<meta property=\"og:locale\" content=\"fr_FR\" \/>\n<meta property=\"og:type\" content=\"article\" \/>\n<meta property=\"og:title\" content=\"Installation et entretien de climatisation en Maurienne et Haute Maurienne\" \/>\n<meta property=\"og:description\" content=\"La climatisation r\u00e9versible est faite pour assurer le r\u00e9chauffement de votre int\u00e9rieur l\u2019hiver et son rafra\u00eechissement l\u2019\u00e9t\u00e9 !\" \/>\n<meta property=\"og:url\" content=\"https:\/\/www.hseg.fr\/index.php\/climatisation-reversible-en-savoie\/\" \/>\n<meta property=\"og:site_name\" content=\"Herv\u00e9 Salomon Electricit\u00e9 G\u00e9n\u00e9rale\" \/>\n<meta property=\"article:publisher\" content=\"https:\/\/www.facebook.com\/herve.salomon.7\" \/>\n<meta property=\"article:modified_time\" content=\"2025-03-12T17:21:39+00:00\" \/>\n<meta property=\"og:image\" content=\"https:\/\/www.hseg.fr\/wp-content\/uploads\/2022\/07\/Clim-Banniere-1-1024x512.jpg\" \/>\n<meta name=\"twitter:card\" content=\"summary_large_image\" \/>\n<meta name=\"twitter:label1\" content=\"Dur\u00e9e de lecture estim\u00e9e\" \/>\n\t<meta name=\"twitter:data1\" content=\"5 minutes\" \/>\n<script type=\"application\/ld+json\" class=\"yoast-schema-graph\">{\"@context\":\"https:\/\/schema.org\",\"@graph\":[{\"@type\":\"WebPage\",\"@id\":\"https:\/\/www.hseg.fr\/index.php\/climatisation-reversible-en-savoie\/\",\"url\":\"https:\/\/www.hseg.fr\/index.php\/climatisation-reversible-en-savoie\/\",\"name\":\"Installation et entretien de climatisation en Maurienne et Haute Maurienne\",\"isPartOf\":{\"@id\":\"https:\/\/www.hseg.fr\/#website\"},\"datePublished\":\"2022-07-07T14:39:07+00:00\",\"dateModified\":\"2025-03-12T17:21:39+00:00\",\"description\":\"La climatisation r\u00e9versible est faite pour assurer le r\u00e9chauffement de votre int\u00e9rieur l\u2019hiver et son rafra\u00eechissement l\u2019\u00e9t\u00e9 !\",\"breadcrumb\":{\"@id\":\"https:\/\/www.hseg.fr\/index.php\/climatisation-reversible-en-savoie\/#breadcrumb\"},\"inLanguage\":\"fr-FR\",\"potentialAction\":[{\"@type\":\"ReadAction\",\"target\":[\"https:\/\/www.hseg.fr\/index.php\/climatisation-reversible-en-savoie\/\"]}]},{\"@type\":\"BreadcrumbList\",\"@id\":\"https:\/\/www.hseg.fr\/index.php\/climatisation-reversible-en-savoie\/#breadcrumb\",\"itemListElement\":[{\"@type\":\"ListItem\",\"position\":1,\"name\":\"Accueil\",\"item\":\"https:\/\/www.hseg.fr\/\"},{\"@type\":\"ListItem\",\"position\":2,\"name\":\"Installation et entretien de climatisation en Maurienne et Haute Maurienne\"}]},{\"@type\":\"WebSite\",\"@id\":\"https:\/\/www.hseg.fr\/#website\",\"url\":\"https:\/\/www.hseg.fr\/\",\"name\":\"Herv\u00e9 Salomon Electricit\u00e9 G\u00e9n\u00e9rale\",\"description\":\"Artisan electricit\u00e9 g\u00e9n\u00e9rale en savoie\",\"publisher\":{\"@id\":\"https:\/\/www.hseg.fr\/#organization\"},\"potentialAction\":[{\"@type\":\"SearchAction\",\"target\":{\"@type\":\"EntryPoint\",\"urlTemplate\":\"https:\/\/www.hseg.fr\/?s={search_term_string}\"},\"query-input\":\"required name=search_term_string\"}],\"inLanguage\":\"fr-FR\"},{\"@type\":\"Organization\",\"@id\":\"https:\/\/www.hseg.fr\/#organization\",\"name\":\"SARL Herve salomon\",\"url\":\"https:\/\/www.hseg.fr\/\",\"logo\":{\"@type\":\"ImageObject\",\"inLanguage\":\"fr-FR\",\"@id\":\"https:\/\/www.hseg.fr\/#\/schema\/logo\/image\/\",\"url\":\"http:\/\/www.hseg.fr\/wp-content\/uploads\/2022\/07\/telecharger.png\",\"contentUrl\":\"http:\/\/www.hseg.fr\/wp-content\/uploads\/2022\/07\/telecharger.png\",\"width\":424,\"height\":424,\"caption\":\"SARL Herve salomon\"},\"image\":{\"@id\":\"https:\/\/www.hseg.fr\/#\/schema\/logo\/image\/\"},\"sameAs\":[\"https:\/\/www.facebook.com\/herve.salomon.7\"]}]}<\/script>\n<!-- \/ Yoast SEO plugin. -->","yoast_head_json":{"title":"Installation et entretien de climatisation en Maurienne et Haute Maurienne","description":"La climatisation r\u00e9versible est faite pour assurer le r\u00e9chauffement de votre int\u00e9rieur l\u2019hiver et son rafra\u00eechissement l\u2019\u00e9t\u00e9 !","robots":{"index":"index","follow":"follow","max-snippet":"max-snippet:-1","max-image-preview":"max-image-preview:large","max-video-preview":"max-video-preview:-1"},"canonical":"https:\/\/www.hseg.fr\/index.php\/climatisation-reversible-en-savoie\/","og_locale":"fr_FR","og_type":"article","og_title":"Installation et entretien de climatisation en Maurienne et Haute Maurienne","og_description":"La climatisation r\u00e9versible est faite pour assurer le r\u00e9chauffement de votre int\u00e9rieur l\u2019hiver et son rafra\u00eechissement l\u2019\u00e9t\u00e9 !","og_url":"https:\/\/www.hseg.fr\/index.php\/climatisation-reversible-en-savoie\/","og_site_name":"Herv\u00e9 Salomon Electricit\u00e9 G\u00e9n\u00e9rale","article_publisher":"https:\/\/www.facebook.com\/herve.salomon.7","article_modified_time":"2025-03-12T17:21:39+00:00","og_image":[{"url":"https:\/\/www.hseg.fr\/wp-content\/uploads\/2022\/07\/Clim-Banniere-1-1024x512.jpg"}],"twitter_card":"summary_large_image","twitter_misc":{"Dur\u00e9e de lecture estim\u00e9e":"5 minutes"},"schema":{"@context":"https:\/\/schema.org","@graph":[{"@type":"WebPage","@id":"https:\/\/www.hseg.fr\/index.php\/climatisation-reversible-en-savoie\/","url":"https:\/\/www.hseg.fr\/index.php\/climatisation-reversible-en-savoie\/","name":"Installation et entretien de climatisation en Maurienne et Haute Maurienne","isPartOf":{"@id":"https:\/\/www.hseg.fr\/#website"},"datePublished":"2022-07-07T14:39:07+00:00","dateModified":"2025-03-12T17:21:39+00:00","description":"La climatisation r\u00e9versible est faite pour assurer le r\u00e9chauffement de votre int\u00e9rieur l\u2019hiver et son rafra\u00eechissement l\u2019\u00e9t\u00e9 !","breadcrumb":{"@id":"https:\/\/www.hseg.fr\/index.php\/climatisation-reversible-en-savoie\/#breadcrumb"},"inLanguage":"fr-FR","potentialAction":[{"@type":"ReadAction","target":["https:\/\/www.hseg.fr\/index.php\/climatisation-reversible-en-savoie\/"]}]},{"@type":"BreadcrumbList","@id":"https:\/\/www.hseg.fr\/index.php\/climatisation-reversible-en-savoie\/#breadcrumb","itemListElement":[{"@type":"ListItem","position":1,"name":"Accueil","item":"https:\/\/www.hseg.fr\/"},{"@type":"ListItem","position":2,"name":"Installation et entretien de climatisation en Maurienne et Haute Maurienne"}]},{"@type":"WebSite","@id":"https:\/\/www.hseg.fr\/#website","url":"https:\/\/www.hseg.fr\/","name":"Herv\u00e9 Salomon Electricit\u00e9 G\u00e9n\u00e9rale","description":"Artisan electricit\u00e9 g\u00e9n\u00e9rale en savoie","publisher":{"@id":"https:\/\/www.hseg.fr\/#organization"},"potentialAction":[{"@type":"SearchAction","target":{"@type":"EntryPoint","urlTemplate":"https:\/\/www.hseg.fr\/?s={search_term_string}"},"query-input":"required name=search_term_string"}],"inLanguage":"fr-FR"},{"@type":"Organization","@id":"https:\/\/www.hseg.fr\/#organization","name":"SARL Herve salomon","url":"https:\/\/www.hseg.fr\/","logo":{"@type":"ImageObject","inLanguage":"fr-FR","@id":"https:\/\/www.hseg.fr\/#\/schema\/logo\/image\/","url":"http:\/\/www.hseg.fr\/wp-content\/uploads\/2022\/07\/telecharger.png","contentUrl":"http:\/\/www.hseg.fr\/wp-content\/uploads\/2022\/07\/telecharger.png","width":424,"height":424,"caption":"SARL Herve salomon"},"image":{"@id":"https:\/\/www.hseg.fr\/#\/schema\/logo\/image\/"},"sameAs":["https:\/\/www.facebook.com\/herve.salomon.7"]}]}},"_links":{"self":[{"href":"https:\/\/www.hseg.fr\/index.php\/wp-json\/wp\/v2\/pages\/66","targetHints":{"allow":["GET"]}}],"collection":[{"href":"https:\/\/www.hseg.fr\/index.php\/wp-json\/wp\/v2\/pages"}],"about":[{"href":"https:\/\/www.hseg.fr\/index.php\/wp-json\/wp\/v2\/types\/page"}],"author":[{"embeddable":true,"href":"https:\/\/www.hseg.fr\/index.php\/wp-json\/wp\/v2\/users\/1"}],"replies":[{"embeddable":true,"href":"https:\/\/www.hseg.fr\/index.php\/wp-json\/wp\/v2\/comments?post=66"}],"version-history":[{"count":57,"href":"https:\/\/www.hseg.fr\/index.php\/wp-json\/wp\/v2\/pages\/66\/revisions"}],"predecessor-version":[{"id":881,"href":"https:\/\/www.hseg.fr\/index.php\/wp-json\/wp\/v2\/pages\/66\/revisions\/881"}],"wp:attachment":[{"href":"https:\/\/www.hseg.fr\/index.php\/wp-json\/wp\/v2\/media?parent=66"}],"curies":[{"name":"wp","href":"https:\/\/api.w.org\/{rel}","templated":true}]}}