{"id":24,"date":"2022-07-01T12:55:56","date_gmt":"2022-07-01T10:55:56","guid":{"rendered":"http:\/\/www.hseg.fr\/index.php\/home\/"},"modified":"2025-04-17T08:47:37","modified_gmt":"2025-04-17T06:47:37","slug":"artisan-electricien-en-maurienne","status":"publish","type":"page","link":"https:\/\/www.hseg.fr\/","title":{"rendered":"Electricit\u00e9 g\u00e9n\u00e9rale en     Maurienne, haute maurienne (savoie), herve salomon"},"content":{"rendered":"\n<div class=\"wp-block-group alignwide ext editor:no-inserter has-background ext-my-0 ext-py-lg has-black-background-color has-normal-font-size is-vertical is-content-justification-center is-layout-flex wp-container-core-group-is-layout-a7bf396a wp-block-group-is-layout-flex\" style=\"border-radius:0px\">\n<h2 class=\"wp-block-heading alignwide has-text-align-center bring-to-front ext--mb-base ext-leading-none ext-mt-0 has-luminous-vivid-amber-color has-text-color has-ext-xx-large-font-size\" id=\"make-it-happen\">Artisan Electricien<\/h2>\n\n\n\n<h2 class=\"wp-block-heading alignwide has-text-align-center bring-to-front ext--mb-base ext-leading-none ext-mt-0 has-luminous-vivid-amber-color has-text-color has-ext-xx-large-font-size\" id=\"make-it-happen\">Sarl Salomon Herv\u00e9<\/h2>\n\n\n\n<p><\/p>\n\n\n\n<p>EEl<\/p>\n\n\n\n<figure class=\"wp-block-image\"><img loading=\"lazy\" decoding=\"async\" width=\"1024\" height=\"512\" src=\"https:\/\/www.hseg.fr\/wp-content\/uploads\/2022\/07\/Noir-Rouge-Jaune-et-Bleu-Espace-et-Galaxie-Jeunes-Adultes-Anniversaire-Banniere-2-1024x512.jpg\" alt=\"trois photos sur un fond noir avec des \u00e9toiles jaunes. la premi\u00e8re photo est une vitrine de magasin en bois qui forme un arc de cercle, au-dessus de la vitrine il y a une enseigne au nom de Salomon Herve, \u00e9lectricit\u00e9 g\u00e9n\u00e9rale, ainsi que son num\u00e9ro de t\u00e9l\u00e9phone 06 68 56 18 35. dessous la premi\u00e8re fois, il est inscrit, un magasin pour vous accueillir. Sur la deuxi\u00e8me photo, on peut voir un homme, certainement Salomon Herve, assis et portant des lunettes de soleil, dessous il est inscrit, un artisan qui aime son travail. la troisi\u00e8me photo est le v\u00e9hicule de l'entreprise. c'est un jumper blanc, en jaune il est \u00e9crit \u00e9lectricit\u00e9 g\u00e9n\u00e9rale, suivi en noir de SARL Herv\u00e9 Salomon, mise aux normes - neuf - r\u00e9novation - chauffage - d\u00e9pannage - 06 68 56 18 35 - www.hseg.fr. dessous de cette derni\u00e8re photo, il est inscrit mobile dans toute la Maurienne et haute Maurienne.\" class=\"wp-image-206\" srcset=\"https:\/\/www.hseg.fr\/wp-content\/uploads\/2022\/07\/Noir-Rouge-Jaune-et-Bleu-Espace-et-Galaxie-Jeunes-Adultes-Anniversaire-Banniere-2-1024x512.jpg 1024w, https:\/\/www.hseg.fr\/wp-content\/uploads\/2022\/07\/Noir-Rouge-Jaune-et-Bleu-Espace-et-Galaxie-Jeunes-Adultes-Anniversaire-Banniere-2-300x150.jpg 300w, https:\/\/www.hseg.fr\/wp-content\/uploads\/2022\/07\/Noir-Rouge-Jaune-et-Bleu-Espace-et-Galaxie-Jeunes-Adultes-Anniversaire-Banniere-2-768x384.jpg 768w, https:\/\/www.hseg.fr\/wp-content\/uploads\/2022\/07\/Noir-Rouge-Jaune-et-Bleu-Espace-et-Galaxie-Jeunes-Adultes-Anniversaire-Banniere-2-1536x768.jpg 1536w, https:\/\/www.hseg.fr\/wp-content\/uploads\/2022\/07\/Noir-Rouge-Jaune-et-Bleu-Espace-et-Galaxie-Jeunes-Adultes-Anniversaire-Banniere-2-2048x1024.jpg 2048w\" sizes=\"auto, (max-width: 1024px) 100vw, 1024px\" \/><\/figure>\n<\/div>\n\n\n\n<h2 class=\"wp-block-heading has-text-align-center has-pale-pink-color has-text-color\"><strong><mark style=\"background-color:#ffffff\" class=\"has-inline-color has-foreground-color\">Pr\u00e9sentation<\/mark><\/strong><\/h2>\n\n\n\n<div class=\"wp-block-columns alignwide are-vertically-aligned-center is-layout-flex wp-container-core-columns-is-layout-28f84493 wp-block-columns-is-layout-flex\">\n<div class=\"wp-block-column is-vertically-aligned-center is-layout-flow wp-block-column-is-layout-flow\" style=\"flex-basis:100%\">\n<div class=\"wp-block-cover alignwide is-light\" style=\"min-height:391px;aspect-ratio:unset;\"><span aria-hidden=\"true\" class=\"wp-block-cover__background has-background-dim-100 has-background-dim has-background-gradient has-very-light-gray-to-cyan-bluish-gray-gradient-background\"><\/span><div class=\"wp-block-cover__inner-container is-layout-flow wp-block-cover-is-layout-flow\">\n<p><strong>Dipl\u00f4m\u00e9 et qualifi\u00e9 <\/strong>dans le domaine de l&rsquo;\u00e9lectricit\u00e9, je suis depuis l&rsquo;an 2000, un \u00e9lectricien dans le b\u00e2timent, \u00e0 votre service. J\u2019ai commenc\u00e9 en tant qu&rsquo;apprenti chez un artisan reconnu en Maurienne.<\/p>\n\n\n\n<p>Des ann\u00e9es \u00e0 exercer, pour de petites comme de grandes entreprises, mon m\u00e9tier m\u2019a permis d\u2019acqu\u00e9rir beaucoup de connaissances, sur les rouages de nos syst\u00e8mes \u00e9lectriques, ainsi que sur la fa\u00e7on dont ces derni\u00e8res peuvent servir au mieux mes clients. <\/p>\n\n\n\n<p>Passionn\u00e9 par tout ce qui touche \u00e0 l&rsquo;\u00e9lectrique, j\u2019ai le sens du d\u00e9tail et aime \u00e9couter les besoins de mes clients. C&rsquo;est cette passion qui me pousse \u00e0 \u00eatre le plus consciencieux possible, dans mon travail. <\/p>\n\n\n\n<p>Je vise a d\u00e9passer vos attentes en vous conseillant de la meilleure des fa\u00e7on et en vous proposant une prestation soign\u00e9e et professionnelle, depuis 2010 dans cette belle r\u00e9gion qu&rsquo;est notre Savoie. Vous pourrez me solliciter sur le secteur de la Maurienne et de la Haute-Maurienne.<\/p>\n<\/div><\/div>\n<\/div>\n<\/div>\n\n\n\n<div class=\"wp-block-group alignfull ext editor:no-inserter ext-my-0 ext-py-lg is-layout-constrained wp-block-group-is-layout-constrained\">\n<div class=\"wp-block-columns alignwide tablet:fullwidth-cols is-layout-flex wp-container-core-columns-is-layout-28f84493 wp-block-columns-is-layout-flex\">\n<div class=\"wp-block-column tablet:ext-mb-0 ext-mb-lg is-layout-flow wp-block-column-is-layout-flow\">\n<figure class=\"wp-block-image size-large is-style-rounded editor:no-caption editor:no-resize ext-mb-base\"><a href=\"https:\/\/www.hseg.fr\/index.php\/artisan-pour-installation-electrique-neuf-en-savoie\/\"><img loading=\"lazy\" decoding=\"async\" width=\"1024\" height=\"768\" src=\"https:\/\/www.hseg.fr\/wp-content\/uploads\/2022\/08\/IMG_3994-1024x768.jpg\" alt=\"on voit une pi\u00e8ce en cours d'am\u00e9nagement. les murs sont blancs mais la peinture n'est pas termin\u00e9e. il y a de nombreuses prises de courant sur le mur. un faux plafond fait avec des dalles blanches, on peut y voir deux sortes d'\u00e9clairage, des spots \u00e9clairer et de downlight etaint. le sol est encore en travaux.\" class=\"wp-image-209\" srcset=\"https:\/\/www.hseg.fr\/wp-content\/uploads\/2022\/08\/IMG_3994-1024x768.jpg 1024w, https:\/\/www.hseg.fr\/wp-content\/uploads\/2022\/08\/IMG_3994-300x225.jpg 300w, https:\/\/www.hseg.fr\/wp-content\/uploads\/2022\/08\/IMG_3994-768x576.jpg 768w, https:\/\/www.hseg.fr\/wp-content\/uploads\/2022\/08\/IMG_3994-1536x1152.jpg 1536w, https:\/\/www.hseg.fr\/wp-content\/uploads\/2022\/08\/IMG_3994-2048x1536.jpg 2048w\" sizes=\"auto, (max-width: 1024px) 100vw, 1024px\" \/><\/a><figcaption class=\"wp-element-caption\">  <\/figcaption><\/figure>\n\n\n\n<h3 class=\"wp-block-heading has-text-align-center ext-my-base has-ext-medium-font-size\" id=\"alexa-josep\"><a href=\"https:\/\/www.hseg.fr\/index.php\/artisan-installation-electrique-neuf-en-savoie\">Installation \u00e9lectrique neuve<\/a><\/h3>\n\n\n\n<p class=\"has-text-align-center\">Cr\u00e9ation d&rsquo;une nouvelle installation \u00e9lectrique.<\/p>\n<\/div>\n\n\n\n<div class=\"wp-block-column ext-mb-lg tablet:ext-mb-0 ext-pt-base tablet:ext-pt-0 tablet:ext--ml-base is-layout-flow wp-block-column-is-layout-flow\">\n<figure class=\"wp-block-image size-large is-style-rounded editor:no-caption editor:no-resize ext-mb-base\"><a href=\"https:\/\/www.hseg.fr\/index.php\/renovation\/\"><img loading=\"lazy\" decoding=\"async\" width=\"1024\" height=\"768\" src=\"https:\/\/www.hseg.fr\/wp-content\/uploads\/2022\/08\/IMG_0745-1024x768.jpg\" alt=\"nous voyons un vieux mur en pierre, o\u00f9 dessus se situe des tudes blancs qui viennent d'\u00eatre install\u00e9 pour la r\u00e9novation de l'installation \u00e9lectrique\" class=\"wp-image-210\" srcset=\"https:\/\/www.hseg.fr\/wp-content\/uploads\/2022\/08\/IMG_0745-1024x768.jpg 1024w, https:\/\/www.hseg.fr\/wp-content\/uploads\/2022\/08\/IMG_0745-300x225.jpg 300w, https:\/\/www.hseg.fr\/wp-content\/uploads\/2022\/08\/IMG_0745-768x576.jpg 768w, https:\/\/www.hseg.fr\/wp-content\/uploads\/2022\/08\/IMG_0745-1536x1152.jpg 1536w, https:\/\/www.hseg.fr\/wp-content\/uploads\/2022\/08\/IMG_0745-2048x1536.jpg 2048w\" sizes=\"auto, (max-width: 1024px) 100vw, 1024px\" \/><\/a><figcaption class=\"wp-element-caption\">  <\/figcaption><\/figure>\n\n\n\n<h3 class=\"wp-block-heading has-text-align-center ext-my-base has-ext-medium-font-size\" id=\"terrell-maio\"><a href=\"https:\/\/www.hseg.fr\/index.php\/renovation\/\">R\u00e9novation installation \u00e9lectrique<\/a><\/h3>\n\n\n\n<p class=\"has-text-align-center has-ext-small-font-size\">R\u00e9novation et\/ou remise aux normes d&rsquo;une installation \u00e9lectrique existante.<\/p>\n<\/div>\n\n\n\n<div class=\"wp-block-column ext-mb-lg tablet:ext-mb-0 ext-pt-base tablet:ext-pt-0 tablet:ext--ml-base is-layout-flow wp-block-column-is-layout-flow\">\n<figure class=\"wp-block-image size-large is-style-rounded editor:no-caption editor:no-resize ext-mb-base\"><a href=\"https:\/\/www.hseg.fr\/index.php\/solution-chauffage\/\"><img loading=\"lazy\" decoding=\"async\" width=\"1024\" height=\"768\" src=\"https:\/\/www.hseg.fr\/wp-content\/uploads\/2022\/08\/DSCF9132-1024x768.jpg\" alt=\"Un chauffage vertical blanc sur un mur en bois\" class=\"wp-image-211\" srcset=\"https:\/\/www.hseg.fr\/wp-content\/uploads\/2022\/08\/DSCF9132-1024x768.jpg 1024w, https:\/\/www.hseg.fr\/wp-content\/uploads\/2022\/08\/DSCF9132-300x225.jpg 300w, https:\/\/www.hseg.fr\/wp-content\/uploads\/2022\/08\/DSCF9132-768x576.jpg 768w, https:\/\/www.hseg.fr\/wp-content\/uploads\/2022\/08\/DSCF9132-1536x1152.jpg 1536w, https:\/\/www.hseg.fr\/wp-content\/uploads\/2022\/08\/DSCF9132-2048x1536.jpg 2048w\" sizes=\"auto, (max-width: 1024px) 100vw, 1024px\" \/><\/a><figcaption class=\"wp-element-caption\">  <\/figcaption><\/figure>\n\n\n\n<h3 class=\"wp-block-heading has-text-align-center ext-my-base has-ext-medium-font-size\" id=\"tash-jako\"><a href=\"https:\/\/www.hseg.fr\/index.php\/solution-chauffage\/\">Solution Chauffage<\/a><\/h3>\n\n\n\n<p class=\"has-text-align-center has-ext-small-font-size\">Installation de chauffage adapter au lieu et au besoin de votre logement.<\/p>\n<\/div>\n\n\n\n<div class=\"wp-block-column ext-mb-lg tablet:ext-mb-0 ext-pt-base tablet:ext-pt-0 tablet:ext--ml-base is-layout-flow wp-block-column-is-layout-flow\">\n<figure class=\"wp-block-image size-large is-style-rounded editor:no-resize editor:no-caption ext-mb-base\"><a href=\"https:\/\/www.hseg.fr\/index.php\/climatisation\/\"><img loading=\"lazy\" decoding=\"async\" width=\"1024\" height=\"768\" src=\"https:\/\/www.hseg.fr\/wp-content\/uploads\/2022\/08\/IMG_2369-1024x768.jpg\" alt=\"une carotteuse qui est sur le point de perforer un mur afin de pouvoir y passer les tuyaux et fils pour l'installation d'une climatisation\" class=\"wp-image-212\" srcset=\"https:\/\/www.hseg.fr\/wp-content\/uploads\/2022\/08\/IMG_2369-1024x768.jpg 1024w, https:\/\/www.hseg.fr\/wp-content\/uploads\/2022\/08\/IMG_2369-300x225.jpg 300w, https:\/\/www.hseg.fr\/wp-content\/uploads\/2022\/08\/IMG_2369-768x576.jpg 768w, https:\/\/www.hseg.fr\/wp-content\/uploads\/2022\/08\/IMG_2369-1536x1152.jpg 1536w, https:\/\/www.hseg.fr\/wp-content\/uploads\/2022\/08\/IMG_2369-2048x1536.jpg 2048w\" sizes=\"auto, (max-width: 1024px) 100vw, 1024px\" \/><\/a><figcaption class=\"wp-element-caption\">  <\/figcaption><\/figure>\n\n\n\n<h2 class=\"wp-block-heading has-text-align-center ext-my-base has-ext-medium-font-size\" id=\"anna-jakobs\"><a href=\"https:\/\/www.hseg.fr\/index.php\/climatisation\/\">Climatisation <\/a><\/h2>\n\n\n\n<p class=\"has-text-align-center has-ext-small-font-size\">\u00c9tude et installation de climatisation personnalis\u00e9 \u00e0 votre logement.<\/p>\n<\/div>\n<\/div>\n<\/div>\n\n\n\n<h2 class=\"wp-block-heading has-text-align-center\"><strong>Zone d&rsquo;intervention<\/strong><\/h2>\n\n\n\n<div class=\"wp-block-columns are-vertically-aligned-center is-layout-flex wp-container-core-columns-is-layout-d7d455e7 wp-block-columns-is-layout-flex\" style=\"padding-top:0;padding-right:0;padding-bottom:0;padding-left:0\">\n<div class=\"wp-block-column is-vertically-aligned-center is-layout-flow wp-block-column-is-layout-flow\" style=\"flex-basis:100%\">\n<div class=\"wp-block-group is-layout-constrained wp-block-group-is-layout-constrained\">\n<div class=\"wp-block-media-text alignwide is-stacked-on-mobile\"><figure class=\"wp-block-media-text__media\"><a href=\"https:\/\/www.hseg.fr\/index.php\/coordonees-elect-73\/\"><img loading=\"lazy\" decoding=\"async\" width=\"738\" height=\"563\" src=\"https:\/\/www.hseg.fr\/wp-content\/uploads\/2022\/08\/Capture-decran-2022-08-17-143650.png\" alt=\"une carte routi\u00e8re de la vall\u00e9 de la maurienne et de la tarentaise\" class=\"wp-image-220 size-full\" srcset=\"https:\/\/www.hseg.fr\/wp-content\/uploads\/2022\/08\/Capture-decran-2022-08-17-143650.png 738w, https:\/\/www.hseg.fr\/wp-content\/uploads\/2022\/08\/Capture-decran-2022-08-17-143650-300x229.png 300w\" sizes=\"auto, (max-width: 738px) 100vw, 738px\" \/><\/a><\/figure><div class=\"wp-block-media-text__content\">\n<h4 class=\"wp-block-heading\"><strong>Mobile principalement dans la vall\u00e9e de la Maurienne et de la Haute Maurienne.<\/strong><\/h4>\n\n\n\n<ul class=\"wp-block-list\">\n<li>La Chambre<\/li>\n\n\n\n<li>Aiton<\/li>\n\n\n\n<li>Bessans<\/li>\n\n\n\n<li>Saint Avre<\/li>\n\n\n\n<li>Sainte Marie de cuines<\/li>\n\n\n\n<li>Saint Etienne de cuines<\/li>\n\n\n\n<li>Saint R\u00e9my de maurienne<\/li>\n\n\n\n<li>Saint francois longchamp<\/li>\n\n\n\n<li>Aiguebelle<\/li>\n\n\n\n<li>Modane<\/li>\n\n\n\n<li>Saint Martin sur la chambre<\/li>\n\n\n\n<li>Saint Collomban des villards<\/li>\n\n\n\n<li>Saint Jean de Maurienne  <\/li>\n\n\n\n<li>La Chapelle<\/li>\n\n\n\n<li>St julien montdenis<\/li>\n\n\n\n<li><strong>et bien plus encore<\/strong><\/li>\n<\/ul>\n\n\n\n<p><\/p>\n\n\n\n<p><\/p>\n<\/div><\/div>\n<\/div>\n<\/div>\n<\/div>\n","protected":false},"excerpt":{"rendered":"<p>Artisan Electricien Sarl Salomon Herv\u00e9 EEl Pr\u00e9sentation Installation \u00e9lectrique neuve Cr\u00e9ation d&rsquo;une nouvelle installation \u00e9lectrique. R\u00e9novation installation \u00e9lectrique R\u00e9novation et\/ou remise aux normes d&rsquo;une installation \u00e9lectrique existante. Solution Chauffage Installation de chauffage adapter au lieu et au besoin de votre logement. Climatisation \u00c9tude et installation de climatisation personnalis\u00e9 \u00e0 votre logement. Zone d&rsquo;intervention Mobile principalement [&hellip;]<\/p>\n","protected":false},"author":1,"featured_media":0,"parent":0,"menu_order":0,"comment_status":"open","ping_status":"closed","template":"","meta":{"footnotes":""},"class_list":["post-24","page","type-page","status-publish","hentry"],"yoast_head":"<!-- This site is optimized with the Yoast SEO plugin v20.0 - https:\/\/yoast.com\/wordpress\/plugins\/seo\/ -->\n<title>Artisan \u00e9lectricien en Maurienne - Herv\u00e9 Salomon Electricit\u00e9 g\u00e9n\u00e9rale<\/title>\n<meta name=\"description\" content=\"Je suis passionn\u00e9s par ce que je fais, et je travail dur pour faire en sorte que tous mes clients aient une bonne exp\u00e9rience avec moi.\" \/>\n<meta name=\"robots\" content=\"index, follow, max-snippet:-1, max-image-preview:large, max-video-preview:-1\" \/>\n<link rel=\"canonical\" href=\"https:\/\/www.hseg.fr\/\" \/>\n<meta property=\"og:locale\" content=\"fr_FR\" \/>\n<meta property=\"og:type\" content=\"article\" \/>\n<meta property=\"og:title\" content=\"Artisan \u00e9lectricien en Maurienne - Herv\u00e9 Salomon Electricit\u00e9 g\u00e9n\u00e9rale\" \/>\n<meta property=\"og:description\" content=\"Je suis passionn\u00e9s par ce que je fais, et je travail dur pour faire en sorte que tous mes clients aient une bonne exp\u00e9rience avec moi.\" \/>\n<meta property=\"og:url\" content=\"https:\/\/www.hseg.fr\/\" \/>\n<meta property=\"og:site_name\" content=\"Herv\u00e9 Salomon Electricit\u00e9 G\u00e9n\u00e9rale\" \/>\n<meta property=\"article:publisher\" content=\"https:\/\/www.facebook.com\/herve.salomon.7\" \/>\n<meta property=\"article:modified_time\" content=\"2025-04-17T06:47:37+00:00\" \/>\n<meta property=\"og:image\" content=\"http:\/\/www.hseg.fr\/wp-content\/uploads\/2022\/07\/Noir-Rouge-Jaune-et-Bleu-Espace-et-Galaxie-Jeunes-Adultes-Anniversaire-Banniere-2-1024x512.jpg\" \/>\n<meta name=\"twitter:card\" content=\"summary_large_image\" \/>\n<meta name=\"twitter:label1\" content=\"Dur\u00e9e de lecture estim\u00e9e\" \/>\n\t<meta name=\"twitter:data1\" content=\"3 minutes\" \/>\n<script type=\"application\/ld+json\" class=\"yoast-schema-graph\">{\"@context\":\"https:\/\/schema.org\",\"@graph\":[{\"@type\":\"WebPage\",\"@id\":\"https:\/\/www.hseg.fr\/\",\"url\":\"https:\/\/www.hseg.fr\/\",\"name\":\"Artisan \u00e9lectricien en Maurienne - Herv\u00e9 Salomon Electricit\u00e9 g\u00e9n\u00e9rale\",\"isPartOf\":{\"@id\":\"https:\/\/www.hseg.fr\/#website\"},\"datePublished\":\"2022-07-01T10:55:56+00:00\",\"dateModified\":\"2025-04-17T06:47:37+00:00\",\"description\":\"Je suis passionn\u00e9s par ce que je fais, et je travail dur pour faire en sorte que tous mes clients aient une bonne exp\u00e9rience avec moi.\",\"breadcrumb\":{\"@id\":\"https:\/\/www.hseg.fr\/#breadcrumb\"},\"inLanguage\":\"fr-FR\",\"potentialAction\":[{\"@type\":\"ReadAction\",\"target\":[\"https:\/\/www.hseg.fr\/\"]}]},{\"@type\":\"BreadcrumbList\",\"@id\":\"https:\/\/www.hseg.fr\/#breadcrumb\",\"itemListElement\":[{\"@type\":\"ListItem\",\"position\":1,\"name\":\"Accueil\",\"item\":\"https:\/\/www.hseg.fr\/\"},{\"@type\":\"ListItem\",\"position\":2,\"name\":\"Electricit\u00e9 g\u00e9n\u00e9rale en Maurienne, haute maurienne (savoie), herve salomon\"}]},{\"@type\":\"WebSite\",\"@id\":\"https:\/\/www.hseg.fr\/#website\",\"url\":\"https:\/\/www.hseg.fr\/\",\"name\":\"Herv\u00e9 Salomon Electricit\u00e9 G\u00e9n\u00e9rale\",\"description\":\"Artisan electricit\u00e9 g\u00e9n\u00e9rale en savoie\",\"publisher\":{\"@id\":\"https:\/\/www.hseg.fr\/#organization\"},\"potentialAction\":[{\"@type\":\"SearchAction\",\"target\":{\"@type\":\"EntryPoint\",\"urlTemplate\":\"https:\/\/www.hseg.fr\/?s={search_term_string}\"},\"query-input\":\"required name=search_term_string\"}],\"inLanguage\":\"fr-FR\"},{\"@type\":\"Organization\",\"@id\":\"https:\/\/www.hseg.fr\/#organization\",\"name\":\"SARL Herve salomon\",\"url\":\"https:\/\/www.hseg.fr\/\",\"logo\":{\"@type\":\"ImageObject\",\"inLanguage\":\"fr-FR\",\"@id\":\"https:\/\/www.hseg.fr\/#\/schema\/logo\/image\/\",\"url\":\"http:\/\/www.hseg.fr\/wp-content\/uploads\/2022\/07\/telecharger.png\",\"contentUrl\":\"http:\/\/www.hseg.fr\/wp-content\/uploads\/2022\/07\/telecharger.png\",\"width\":424,\"height\":424,\"caption\":\"SARL Herve salomon\"},\"image\":{\"@id\":\"https:\/\/www.hseg.fr\/#\/schema\/logo\/image\/\"},\"sameAs\":[\"https:\/\/www.facebook.com\/herve.salomon.7\"]}]}<\/script>\n<!-- \/ Yoast SEO plugin. -->","yoast_head_json":{"title":"Artisan \u00e9lectricien en Maurienne - Herv\u00e9 Salomon Electricit\u00e9 g\u00e9n\u00e9rale","description":"Je suis passionn\u00e9s par ce que je fais, et je travail dur pour faire en sorte que tous mes clients aient une bonne exp\u00e9rience avec moi.","robots":{"index":"index","follow":"follow","max-snippet":"max-snippet:-1","max-image-preview":"max-image-preview:large","max-video-preview":"max-video-preview:-1"},"canonical":"https:\/\/www.hseg.fr\/","og_locale":"fr_FR","og_type":"article","og_title":"Artisan \u00e9lectricien en Maurienne - Herv\u00e9 Salomon Electricit\u00e9 g\u00e9n\u00e9rale","og_description":"Je suis passionn\u00e9s par ce que je fais, et je travail dur pour faire en sorte que tous mes clients aient une bonne exp\u00e9rience avec moi.","og_url":"https:\/\/www.hseg.fr\/","og_site_name":"Herv\u00e9 Salomon Electricit\u00e9 G\u00e9n\u00e9rale","article_publisher":"https:\/\/www.facebook.com\/herve.salomon.7","article_modified_time":"2025-04-17T06:47:37+00:00","og_image":[{"url":"http:\/\/www.hseg.fr\/wp-content\/uploads\/2022\/07\/Noir-Rouge-Jaune-et-Bleu-Espace-et-Galaxie-Jeunes-Adultes-Anniversaire-Banniere-2-1024x512.jpg"}],"twitter_card":"summary_large_image","twitter_misc":{"Dur\u00e9e de lecture estim\u00e9e":"3 minutes"},"schema":{"@context":"https:\/\/schema.org","@graph":[{"@type":"WebPage","@id":"https:\/\/www.hseg.fr\/","url":"https:\/\/www.hseg.fr\/","name":"Artisan \u00e9lectricien en Maurienne - Herv\u00e9 Salomon Electricit\u00e9 g\u00e9n\u00e9rale","isPartOf":{"@id":"https:\/\/www.hseg.fr\/#website"},"datePublished":"2022-07-01T10:55:56+00:00","dateModified":"2025-04-17T06:47:37+00:00","description":"Je suis passionn\u00e9s par ce que je fais, et je travail dur pour faire en sorte que tous mes clients aient une bonne exp\u00e9rience avec moi.","breadcrumb":{"@id":"https:\/\/www.hseg.fr\/#breadcrumb"},"inLanguage":"fr-FR","potentialAction":[{"@type":"ReadAction","target":["https:\/\/www.hseg.fr\/"]}]},{"@type":"BreadcrumbList","@id":"https:\/\/www.hseg.fr\/#breadcrumb","itemListElement":[{"@type":"ListItem","position":1,"name":"Accueil","item":"https:\/\/www.hseg.fr\/"},{"@type":"ListItem","position":2,"name":"Electricit\u00e9 g\u00e9n\u00e9rale en Maurienne, haute maurienne (savoie), herve salomon"}]},{"@type":"WebSite","@id":"https:\/\/www.hseg.fr\/#website","url":"https:\/\/www.hseg.fr\/","name":"Herv\u00e9 Salomon Electricit\u00e9 G\u00e9n\u00e9rale","description":"Artisan electricit\u00e9 g\u00e9n\u00e9rale en savoie","publisher":{"@id":"https:\/\/www.hseg.fr\/#organization"},"potentialAction":[{"@type":"SearchAction","target":{"@type":"EntryPoint","urlTemplate":"https:\/\/www.hseg.fr\/?s={search_term_string}"},"query-input":"required name=search_term_string"}],"inLanguage":"fr-FR"},{"@type":"Organization","@id":"https:\/\/www.hseg.fr\/#organization","name":"SARL Herve salomon","url":"https:\/\/www.hseg.fr\/","logo":{"@type":"ImageObject","inLanguage":"fr-FR","@id":"https:\/\/www.hseg.fr\/#\/schema\/logo\/image\/","url":"http:\/\/www.hseg.fr\/wp-content\/uploads\/2022\/07\/telecharger.png","contentUrl":"http:\/\/www.hseg.fr\/wp-content\/uploads\/2022\/07\/telecharger.png","width":424,"height":424,"caption":"SARL Herve salomon"},"image":{"@id":"https:\/\/www.hseg.fr\/#\/schema\/logo\/image\/"},"sameAs":["https:\/\/www.facebook.com\/herve.salomon.7"]}]}},"_links":{"self":[{"href":"https:\/\/www.hseg.fr\/index.php\/wp-json\/wp\/v2\/pages\/24","targetHints":{"allow":["GET"]}}],"collection":[{"href":"https:\/\/www.hseg.fr\/index.php\/wp-json\/wp\/v2\/pages"}],"about":[{"href":"https:\/\/www.hseg.fr\/index.php\/wp-json\/wp\/v2\/types\/page"}],"author":[{"embeddable":true,"href":"https:\/\/www.hseg.fr\/index.php\/wp-json\/wp\/v2\/users\/1"}],"replies":[{"embeddable":true,"href":"https:\/\/www.hseg.fr\/index.php\/wp-json\/wp\/v2\/comments?post=24"}],"version-history":[{"count":69,"href":"https:\/\/www.hseg.fr\/index.php\/wp-json\/wp\/v2\/pages\/24\/revisions"}],"predecessor-version":[{"id":884,"href":"https:\/\/www.hseg.fr\/index.php\/wp-json\/wp\/v2\/pages\/24\/revisions\/884"}],"wp:attachment":[{"href":"https:\/\/www.hseg.fr\/index.php\/wp-json\/wp\/v2\/media?parent=24"}],"curies":[{"name":"wp","href":"https:\/\/api.w.org\/{rel}","templated":true}]}}